



{"id":999,"date":"2022-11-15T15:04:18","date_gmt":"2022-11-15T14:04:18","guid":{"rendered":"https:\/\/www.alilauro.it\/?post_type=destinazioni&#038;p=999"},"modified":"2023-08-03T12:44:58","modified_gmt":"2023-08-03T10:44:58","slug":"minori","status":"publish","type":"destinazioni","link":"https:\/\/www.alilauro.it\/it\/destinazioni\/minori\/","title":{"rendered":"Minori"},"content":{"rendered":"\n<p class=\"has-text-align-left\">\u0116 nel territorio di Minori, in localit\u00e0 Torre, che inizia il profumato Sentiero dei Limoni che giunge fino a Maiori, nell\u2019altra valle da cui la divide un promontorio. Ed \u00e8 un altro torrente Rheginna, il Minor perch\u00e9 attraversa la valle pi\u00f9 piccola delle due vicine, che le ha donato il nome pi\u00f9 antico e anche quello attuale di Minori.<\/p>\n\n\n\n<figure class=\"wp-block-image size-large\"><img loading=\"lazy\" decoding=\"async\" width=\"1024\" height=\"444\" src=\"https:\/\/www.alilauro.it\/wp-content\/uploads\/2022\/11\/minori-lenostredestinazioni-1024x444.jpg\" alt=\"\" class=\"wp-image-1000\" srcset=\"https:\/\/www.alilauro.it\/wp-content\/uploads\/2022\/11\/minori-lenostredestinazioni-1024x444.jpg 1024w, https:\/\/www.alilauro.it\/wp-content\/uploads\/2022\/11\/minori-lenostredestinazioni-300x130.jpg 300w, https:\/\/www.alilauro.it\/wp-content\/uploads\/2022\/11\/minori-lenostredestinazioni-768x333.jpg 768w, https:\/\/www.alilauro.it\/wp-content\/uploads\/2022\/11\/minori-lenostredestinazioni-1536x666.jpg 1536w, https:\/\/www.alilauro.it\/wp-content\/uploads\/2022\/11\/minori-lenostredestinazioni.jpg 1800w\" sizes=\"auto, (max-width: 1024px) 100vw, 1024px\" \/><\/figure>\n\n\n\n<div style=\"height:32px\" aria-hidden=\"true\" class=\"wp-block-spacer\"><\/div>\n\n\n\n<div class=\"wp-block-columns is-layout-flex wp-container-core-columns-is-layout-9d6595d7 wp-block-columns-is-layout-flex\">\n<div class=\"wp-block-column is-layout-flow wp-block-column-is-layout-flow\">\n<p class=\"has-text-align-left\">Arrivava proprio dal Rheginna Minor l\u2019acqua che alimentava le terme e le tante vasche della grande villa marittima, affacciata sul mare, costruita nel I secolo d.C. da un potente e ricco esponente della Roma imperiale. Sepolta dall\u2019eruzione del Vesuvio del 79 d.C., l\u2019enorme villa rimase sepolta a lungo, mentre al di sopra di essa, fin dall\u2019VIII secolo, aveva iniziato a svilupparsi un nuovo insediamento, ad opera di una comunit\u00e0 proveniente dalla valle del Sarno.A convincerli a creare l\u00ec il nuovo borgo di Rheginna Minor era stato il ritrovamento sulla spiaggia delle reliquie della santa siciliana Trofimena, divenute ben presto destinatarie di atti di devozione e meta di pellegrinaggi. E in onore della Santa, patrona del borgo e, allora, anche della Repubblica poi Ducato di Amalfi di cui Rheginna Minor era parte integrante, fu edificata nel 987 una grande basilica. <\/p>\n<\/div>\n\n\n\n<div class=\"wp-block-column is-layout-flow wp-block-column-is-layout-flow\">\n<iframe src=\"https:\/\/www.google.com\/maps\/embed?pb=!1m18!1m12!1m3!1d6053.904657850716!2d14.619071797276735!3d40.65298122526586!2m3!1f0!2f0!3f0!3m2!1i1024!2i768!4f13.1!3m3!1m2!1s0x133b956e14dddd91%3A0x8d80326bf5b9ec5a!2s84010%20Minori%20SA!5e0!3m2!1sit!2sit!4v1691059433873!5m2!1sit!2sit\" width=\"400\" height=\"450\" style=\"border:0;\" allowfullscreen=\"\" loading=\"lazy\" referrerpolicy=\"no-referrer-when-downgrade\"><\/iframe>\n<\/div>\n<\/div>\n\n\n\n<p class=\"has-text-align-left\">Abbattuta nel 1747, fu ricostruita l\u2019anno seguente nello stile neoclassico che ancora la contraddistingue, scrigno di importanti opere d\u2019arte provenienti dalla cattedrale preesistente e sede della Congrega del Ss. Sacramento a cui fa riferimento l\u2019Arciconfraternita dei Flagellanti o Battenti, che animano i particolari riti della Settimana Santa.<\/p>\n\n\n\n<p class=\"has-text-align-left\">Oltre alla basilica, all\u2019interno della cinta muraria di difesa, risalente all\u2019XI secolo, si ammirano le numerose altre chiese, i palazzi nobiliari e l\u2019area archeologica della villa romana, scoperta e riportata alla luce intorno alla met\u00e0 del secolo scorso, di cui sono ancora visibili parte degli affreschi, mentre l\u2019attiguo Antiquarium ne custodisce i reperti, oltre alle suggestive ricostruzioni degli ambienti originari.<\/p>\n\n\n\n<p class=\"has-text-align-left\">Tra le torri di difesa di Minori \u2013 dell\u2019Annunziata e di Calata Ponte \u2013 la pi\u00f9 alta e imponente era la Torre del Paradiso, innalzata nel 1595 sulla spiaggia. Della Torre, inglobata da un gruppo di edifici posteriori, restano visibili solo alcune parti. La lunga spiaggia di sabbia \u00e8 una delle attrazioni di Minori, di cui costeggia tutto il suggestivo lungomar, ricco di verde e abbellito dalla bella Fontana dei Leoni dell\u2019XI secolo.<\/p>\n\n\n\n<p class=\"has-text-align-left\">Per la sua ricca tradizione culinaria, Minori \u00e8 nota anche come \u201cCitt\u00e0 del Gusto\u201d e in occasione delle feste patronali e dei principali eventi annuali celebra e rinnova questa fama con le tante, apprezzate tipicit\u00e0 dolci e salate del territorio.<\/p>\n","protected":false},"excerpt":{"rendered":"<p>\u0116 nel territorio di Minori, in localit\u00e0 Torre, che inizia il profumato Sentiero dei Limoni che giunge fino a Maiori, nell\u2019altra valle da cui la divide un promontorio. Ed \u00e8 un altro torrente Rheginna, il Minor perch\u00e9 attraversa la valle pi\u00f9 piccola delle due vicine, che le ha donato il nome pi\u00f9 antico e anche [&hellip;]<\/p>\n","protected":false},"author":10,"featured_media":1000,"template":"","class_list":["post-999","destinazioni","type-destinazioni","status-publish","has-post-thumbnail","hentry"],"acf":{"prenota":"","immagine_citta":"","spiagge":null,"divertimento":null,"benessere":null,"arte_cultura":null,"tour_escursioni":null,"enogastronomia":null},"yoast_head":"<!-- This site is optimized with the Yoast SEO plugin v25.2 - https:\/\/yoast.com\/wordpress\/plugins\/seo\/ -->\n<title>Minori - alilauro<\/title>\n<meta name=\"robots\" content=\"index, follow, max-snippet:-1, max-image-preview:large, max-video-preview:-1\" \/>\n<link rel=\"canonical\" href=\"https:\/\/www.alilauro.it\/it\/destinazioni\/minori\/\" \/>\n<meta property=\"og:locale\" content=\"it_IT\" \/>\n<meta property=\"og:type\" content=\"article\" \/>\n<meta property=\"og:title\" content=\"Minori - alilauro\" \/>\n<meta property=\"og:description\" content=\"\u0116 nel territorio di Minori, in localit\u00e0 Torre, che inizia il profumato Sentiero dei Limoni che giunge fino a Maiori, nell\u2019altra valle da cui la divide un promontorio. Ed \u00e8 un altro torrente Rheginna, il Minor perch\u00e9 attraversa la valle pi\u00f9 piccola delle due vicine, che le ha donato il nome pi\u00f9 antico e anche [&hellip;]\" \/>\n<meta property=\"og:url\" content=\"https:\/\/www.alilauro.it\/it\/destinazioni\/minori\/\" \/>\n<meta property=\"og:site_name\" content=\"alilauro\" \/>\n<meta property=\"article:publisher\" content=\"https:\/\/www.facebook.com\/lauro.shipping.9\" \/>\n<meta property=\"article:modified_time\" content=\"2023-08-03T10:44:58+00:00\" \/>\n<meta property=\"og:image\" content=\"https:\/\/www.alilauro.it\/wp-content\/uploads\/2022\/11\/minori-lenostredestinazioni.jpg\" \/>\n\t<meta property=\"og:image:width\" content=\"1800\" \/>\n\t<meta property=\"og:image:height\" content=\"780\" \/>\n\t<meta property=\"og:image:type\" content=\"image\/jpeg\" \/>\n<meta name=\"twitter:card\" content=\"summary_large_image\" \/>\n<meta name=\"twitter:site\" content=\"@alilauro\" \/>\n<meta name=\"twitter:label1\" content=\"Tempo di lettura stimato\" \/>\n\t<meta name=\"twitter:data1\" content=\"3 minuti\" \/>\n<script type=\"application\/ld+json\" class=\"yoast-schema-graph\">{\"@context\":\"https:\/\/schema.org\",\"@graph\":[{\"@type\":\"WebPage\",\"@id\":\"https:\/\/www.alilauro.it\/it\/destinazioni\/minori\/\",\"url\":\"https:\/\/www.alilauro.it\/it\/destinazioni\/minori\/\",\"name\":\"Minori - alilauro\",\"isPartOf\":{\"@id\":\"https:\/\/www.alilauro.it\/it\/#website\"},\"primaryImageOfPage\":{\"@id\":\"https:\/\/www.alilauro.it\/it\/destinazioni\/minori\/#primaryimage\"},\"image\":{\"@id\":\"https:\/\/www.alilauro.it\/it\/destinazioni\/minori\/#primaryimage\"},\"thumbnailUrl\":\"https:\/\/www.alilauro.it\/wp-content\/uploads\/2022\/11\/minori-lenostredestinazioni.jpg\",\"datePublished\":\"2022-11-15T14:04:18+00:00\",\"dateModified\":\"2023-08-03T10:44:58+00:00\",\"breadcrumb\":{\"@id\":\"https:\/\/www.alilauro.it\/it\/destinazioni\/minori\/#breadcrumb\"},\"inLanguage\":\"it-IT\",\"potentialAction\":[{\"@type\":\"ReadAction\",\"target\":[\"https:\/\/www.alilauro.it\/it\/destinazioni\/minori\/\"]}]},{\"@type\":\"ImageObject\",\"inLanguage\":\"it-IT\",\"@id\":\"https:\/\/www.alilauro.it\/it\/destinazioni\/minori\/#primaryimage\",\"url\":\"https:\/\/www.alilauro.it\/wp-content\/uploads\/2022\/11\/minori-lenostredestinazioni.jpg\",\"contentUrl\":\"https:\/\/www.alilauro.it\/wp-content\/uploads\/2022\/11\/minori-lenostredestinazioni.jpg\",\"width\":1800,\"height\":780},{\"@type\":\"BreadcrumbList\",\"@id\":\"https:\/\/www.alilauro.it\/it\/destinazioni\/minori\/#breadcrumb\",\"itemListElement\":[{\"@type\":\"ListItem\",\"position\":1,\"name\":\"Home\",\"item\":\"https:\/\/www.alilauro.it\/it\/\"},{\"@type\":\"ListItem\",\"position\":2,\"name\":\"destinazioni\",\"item\":\"https:\/\/www.alilauro.it\/it\/destinazioni\/\"},{\"@type\":\"ListItem\",\"position\":3,\"name\":\"Minori\"}]},{\"@type\":\"WebSite\",\"@id\":\"https:\/\/www.alilauro.it\/it\/#website\",\"url\":\"https:\/\/www.alilauro.it\/it\/\",\"name\":\"Alilauro\",\"description\":\"Una lunga storia di mare\",\"publisher\":{\"@id\":\"https:\/\/www.alilauro.it\/it\/#organization\"},\"potentialAction\":[{\"@type\":\"SearchAction\",\"target\":{\"@type\":\"EntryPoint\",\"urlTemplate\":\"https:\/\/www.alilauro.it\/it\/?s={search_term_string}\"},\"query-input\":{\"@type\":\"PropertyValueSpecification\",\"valueRequired\":true,\"valueName\":\"search_term_string\"}}],\"inLanguage\":\"it-IT\"},{\"@type\":\"Organization\",\"@id\":\"https:\/\/www.alilauro.it\/it\/#organization\",\"name\":\"Alilauro\",\"url\":\"https:\/\/www.alilauro.it\/it\/\",\"logo\":{\"@type\":\"ImageObject\",\"inLanguage\":\"it-IT\",\"@id\":\"https:\/\/www.alilauro.it\/it\/#\/schema\/logo\/image\/\",\"url\":\"https:\/\/www.alilauro.it\/wp-content\/uploads\/2022\/10\/logo-alilauro.jpg\",\"contentUrl\":\"https:\/\/www.alilauro.it\/wp-content\/uploads\/2022\/10\/logo-alilauro.jpg\",\"width\":333,\"height\":102,\"caption\":\"Alilauro\"},\"image\":{\"@id\":\"https:\/\/www.alilauro.it\/it\/#\/schema\/logo\/image\/\"},\"sameAs\":[\"https:\/\/www.facebook.com\/lauro.shipping.9\",\"https:\/\/x.com\/alilauro\",\"https:\/\/www.instagram.com\/alilaurovolaviamare\/\",\"https:\/\/www.youtube.com\/user\/arcipelagocampano\"]}]}<\/script>\n<!-- \/ Yoast SEO plugin. -->","yoast_head_json":{"title":"Minori - alilauro","robots":{"index":"index","follow":"follow","max-snippet":"max-snippet:-1","max-image-preview":"max-image-preview:large","max-video-preview":"max-video-preview:-1"},"canonical":"https:\/\/www.alilauro.it\/it\/destinazioni\/minori\/","og_locale":"it_IT","og_type":"article","og_title":"Minori - alilauro","og_description":"\u0116 nel territorio di Minori, in localit\u00e0 Torre, che inizia il profumato Sentiero dei Limoni che giunge fino a Maiori, nell\u2019altra valle da cui la divide un promontorio. Ed \u00e8 un altro torrente Rheginna, il Minor perch\u00e9 attraversa la valle pi\u00f9 piccola delle due vicine, che le ha donato il nome pi\u00f9 antico e anche [&hellip;]","og_url":"https:\/\/www.alilauro.it\/it\/destinazioni\/minori\/","og_site_name":"alilauro","article_publisher":"https:\/\/www.facebook.com\/lauro.shipping.9","article_modified_time":"2023-08-03T10:44:58+00:00","og_image":[{"width":1800,"height":780,"url":"https:\/\/www.alilauro.it\/wp-content\/uploads\/2022\/11\/minori-lenostredestinazioni.jpg","type":"image\/jpeg"}],"twitter_card":"summary_large_image","twitter_site":"@alilauro","twitter_misc":{"Tempo di lettura stimato":"3 minuti"},"schema":{"@context":"https:\/\/schema.org","@graph":[{"@type":"WebPage","@id":"https:\/\/www.alilauro.it\/it\/destinazioni\/minori\/","url":"https:\/\/www.alilauro.it\/it\/destinazioni\/minori\/","name":"Minori - alilauro","isPartOf":{"@id":"https:\/\/www.alilauro.it\/it\/#website"},"primaryImageOfPage":{"@id":"https:\/\/www.alilauro.it\/it\/destinazioni\/minori\/#primaryimage"},"image":{"@id":"https:\/\/www.alilauro.it\/it\/destinazioni\/minori\/#primaryimage"},"thumbnailUrl":"https:\/\/www.alilauro.it\/wp-content\/uploads\/2022\/11\/minori-lenostredestinazioni.jpg","datePublished":"2022-11-15T14:04:18+00:00","dateModified":"2023-08-03T10:44:58+00:00","breadcrumb":{"@id":"https:\/\/www.alilauro.it\/it\/destinazioni\/minori\/#breadcrumb"},"inLanguage":"it-IT","potentialAction":[{"@type":"ReadAction","target":["https:\/\/www.alilauro.it\/it\/destinazioni\/minori\/"]}]},{"@type":"ImageObject","inLanguage":"it-IT","@id":"https:\/\/www.alilauro.it\/it\/destinazioni\/minori\/#primaryimage","url":"https:\/\/www.alilauro.it\/wp-content\/uploads\/2022\/11\/minori-lenostredestinazioni.jpg","contentUrl":"https:\/\/www.alilauro.it\/wp-content\/uploads\/2022\/11\/minori-lenostredestinazioni.jpg","width":1800,"height":780},{"@type":"BreadcrumbList","@id":"https:\/\/www.alilauro.it\/it\/destinazioni\/minori\/#breadcrumb","itemListElement":[{"@type":"ListItem","position":1,"name":"Home","item":"https:\/\/www.alilauro.it\/it\/"},{"@type":"ListItem","position":2,"name":"destinazioni","item":"https:\/\/www.alilauro.it\/it\/destinazioni\/"},{"@type":"ListItem","position":3,"name":"Minori"}]},{"@type":"WebSite","@id":"https:\/\/www.alilauro.it\/it\/#website","url":"https:\/\/www.alilauro.it\/it\/","name":"Alilauro","description":"Una lunga storia di mare","publisher":{"@id":"https:\/\/www.alilauro.it\/it\/#organization"},"potentialAction":[{"@type":"SearchAction","target":{"@type":"EntryPoint","urlTemplate":"https:\/\/www.alilauro.it\/it\/?s={search_term_string}"},"query-input":{"@type":"PropertyValueSpecification","valueRequired":true,"valueName":"search_term_string"}}],"inLanguage":"it-IT"},{"@type":"Organization","@id":"https:\/\/www.alilauro.it\/it\/#organization","name":"Alilauro","url":"https:\/\/www.alilauro.it\/it\/","logo":{"@type":"ImageObject","inLanguage":"it-IT","@id":"https:\/\/www.alilauro.it\/it\/#\/schema\/logo\/image\/","url":"https:\/\/www.alilauro.it\/wp-content\/uploads\/2022\/10\/logo-alilauro.jpg","contentUrl":"https:\/\/www.alilauro.it\/wp-content\/uploads\/2022\/10\/logo-alilauro.jpg","width":333,"height":102,"caption":"Alilauro"},"image":{"@id":"https:\/\/www.alilauro.it\/it\/#\/schema\/logo\/image\/"},"sameAs":["https:\/\/www.facebook.com\/lauro.shipping.9","https:\/\/x.com\/alilauro","https:\/\/www.instagram.com\/alilaurovolaviamare\/","https:\/\/www.youtube.com\/user\/arcipelagocampano"]}]}},"_links":{"self":[{"href":"https:\/\/www.alilauro.it\/it\/wp-json\/wp\/v2\/destinazioni\/999","targetHints":{"allow":["GET"]}}],"collection":[{"href":"https:\/\/www.alilauro.it\/it\/wp-json\/wp\/v2\/destinazioni"}],"about":[{"href":"https:\/\/www.alilauro.it\/it\/wp-json\/wp\/v2\/types\/destinazioni"}],"author":[{"embeddable":true,"href":"https:\/\/www.alilauro.it\/it\/wp-json\/wp\/v2\/users\/10"}],"wp:featuredmedia":[{"embeddable":true,"href":"https:\/\/www.alilauro.it\/it\/wp-json\/wp\/v2\/media\/1000"}],"wp:attachment":[{"href":"https:\/\/www.alilauro.it\/it\/wp-json\/wp\/v2\/media?parent=999"}],"curies":[{"name":"wp","href":"https:\/\/api.w.org\/{rel}","templated":true}]}}