



{"id":1041,"date":"2022-11-15T15:13:26","date_gmt":"2022-11-15T14:13:26","guid":{"rendered":"https:\/\/www.alilauro.it\/?post_type=destinazioni&#038;p=1041"},"modified":"2023-05-11T10:27:38","modified_gmt":"2023-05-11T08:27:38","slug":"vico-equense-e-seiano","status":"publish","type":"destinazioni","link":"https:\/\/www.alilauro.it\/it\/destinazioni\/vico-equense-e-seiano\/","title":{"rendered":"Vico Equense e Seiano"},"content":{"rendered":"\n<div style=\"height:34px\" aria-hidden=\"true\" class=\"wp-block-spacer\"><\/div>\n\n\n\n<p class=\"has-text-align-left\">\u0116 la porta della Costiera Sorrentina. La prima e la pi\u00f9 estesa per territorio delle localit\u00e0 che si susseguono sul versante nord-occidentale della Penisola formata dalla catena dei Monti Lattari. Vico Equense sorge su un blocco di tufo fasciato da una fitta vegetazione fino al livello del mare.\u00a0<\/p>\n\n\n\n<div style=\"height:21px\" aria-hidden=\"true\" class=\"wp-block-spacer\"><\/div>\n\n\n\n<figure class=\"wp-block-image size-large\"><img loading=\"lazy\" decoding=\"async\" width=\"1024\" height=\"444\" src=\"https:\/\/www.alilauro.it\/wp-content\/uploads\/2022\/11\/vicoequense-lenostredestinazioni-1024x444.jpg\" alt=\"\" class=\"wp-image-1042\" srcset=\"https:\/\/www.alilauro.it\/wp-content\/uploads\/2022\/11\/vicoequense-lenostredestinazioni-1024x444.jpg 1024w, https:\/\/www.alilauro.it\/wp-content\/uploads\/2022\/11\/vicoequense-lenostredestinazioni-300x130.jpg 300w, https:\/\/www.alilauro.it\/wp-content\/uploads\/2022\/11\/vicoequense-lenostredestinazioni-768x333.jpg 768w, https:\/\/www.alilauro.it\/wp-content\/uploads\/2022\/11\/vicoequense-lenostredestinazioni-1536x666.jpg 1536w, https:\/\/www.alilauro.it\/wp-content\/uploads\/2022\/11\/vicoequense-lenostredestinazioni.jpg 1800w\" sizes=\"auto, (max-width: 1024px) 100vw, 1024px\" \/><\/figure>\n\n\n\n<div style=\"height:21px\" aria-hidden=\"true\" class=\"wp-block-spacer\"><\/div>\n\n\n\n<div class=\"wp-block-columns is-layout-flex wp-container-core-columns-is-layout-9d6595d7 wp-block-columns-is-layout-flex\">\n<div class=\"wp-block-column is-layout-flow wp-block-column-is-layout-flow\">\n<p class=\"has-text-align-left\">Alle spalle, protettivi, s\u2019innalzano il magnifico Monte Faito e il Monte Sant\u2019Angelo a Tre Pizzi, che con le sue cime raggiunge la massima altezza dei Lattari. Sui fianchi dei due monti stanno annidati i casali di Vico, ben tredici, uno dei richiami caratteristici della localit\u00e0 peninsulare. Pi\u00f9 in alto di tutti c\u2019\u00e8 Moiano; il pi\u00f9 antico, risalente al IX secolo, \u00e8 Massaquano; ad Arola, oltre all\u2019antico eremo camaldolese, la chiesa parrocchiale di Sant\u2019Antonino \u00e8 la pi\u00f9 grande del territorio. Su una collina tra i territori di Vico e di Meta di Sorrento, tra i casali pi\u00f9 popolosi, Seiano \u00e8 una nota meta turistica per la posizione e per le sue chiese.<\/p>\n<\/div>\n\n\n\n<div class=\"wp-block-column is-layout-flow wp-block-column-is-layout-flow\">\n<iframe src=\"https:\/\/www.google.com\/maps\/embed?pb=!1m18!1m12!1m3!1d20358.029322021757!2d14.423383937173485!3d40.668699008289984!2m3!1f0!2f0!3f0!3m2!1i1024!2i768!4f13.1!3m3!1m2!1s0x133b98508d0a89c9%3A0xf03c0b4319c4522f!2sVico%20Equense%20NA!5e0!3m2!1sit!2sit!4v1683793203368!5m2!1sit!2sit\" width=\"340\" height=\"350\" style=\"border:0;\" allowfullscreen=\"\" loading=\"lazy\" referrerpolicy=\"no-referrer-when-downgrade\"><\/iframe>\n<\/div>\n<\/div>\n\n\n\n<p class=\"has-text-align-left\">Affacciato sul mare, il centro storico di Vico conserva in tutto il suo fascino l\u2019originario impianto medievale. Tappa obbligata del passeggio tra le stradine del borgo \u00e8 l\u2019antica cattedrale dedicata alla Santissima Annunziata. Al di l\u00e0 della settecentesca facciata barocca, si tratta dell\u2019unico esempio di edificio sacro della Costiera in stile gotico a conferma della sua costruzione nella prima met\u00e0 del Trecento. Di grande valore sono le opere d\u2019arte che adornano gli spazi interni, dove \u00e8 sepolto il filosofo illuminista Gaetano Filangieri. E da non perdere \u00e8 lo spettacolo del golfo e delle isole che si ammira all\u2019esterno dell\u2019ex chiesa madre. Risale, Invece, al XVI secolo il Santuario di Santa Maria del Toro, legato ad un evento miracoloso.<\/p>\n\n\n\n<p class=\"has-text-align-left\">Maestoso e imponente, a Vico c\u2019\u00e8 anche un castello di epoca angioina che da due secoli prende il nome dall\u2019ultima famiglia proprietaria, i Giusso. Nel tempo il complesso monumentale ha subito trasformazioni e ampliamenti che, dopo averne potenziato inizialmente la funzione militare come fortezza, gi\u00e0 intorno alla met\u00e0 del XVI secolo furono finalizzati a farne una accogliente residenza nobiliare.&nbsp;<\/p>\n\n\n\n<p class=\"has-text-align-left\">Negli spazi del convento della Santissima Trinit\u00e0 si trova il Museo Mineralogico Campano, che custodisce migliaia di campioni di minerali provenienti da ogni parte del mondo. I reperti archeologici riemersi dallo scavo di una necropoli risalente al VII-V secolo a.C. sono esposti all\u2019interno dell\u2019Antiquarium- Tra i richiami di Vico c\u2019\u00e8 anche lo stabilimento termale dello Scrajo, fondato nel 1895 nel sito di una sorgente termale frequentata gi\u00e0 in epoca imperiale. Nato come borgo di pescatori, Vico ha conservato un legame forte con il mare. Il territorio offre numerose spiagge, tra cui Marina di Vco e Marina di Seiano. Mentre gli appassionati di immersioni subacquee possono godere delle meraviglie che offre il famoso Banco di Santa Croce.<\/p>\n","protected":false},"excerpt":{"rendered":"<p>\u0116 la porta della Costiera Sorrentina. La prima e la pi\u00f9 estesa per territorio delle localit\u00e0 che si susseguono sul versante nord-occidentale della Penisola formata dalla catena dei Monti Lattari. Vico Equense sorge su un blocco di tufo fasciato da una fitta vegetazione fino al livello del mare.\u00a0 Alle spalle, protettivi, s\u2019innalzano il magnifico Monte [&hellip;]<\/p>\n","protected":false},"author":10,"featured_media":1042,"template":"","class_list":["post-1041","destinazioni","type-destinazioni","status-publish","has-post-thumbnail","hentry"],"acf":{"prenota":"","immagine_citta":"","spiagge":null,"divertimento":null,"benessere":null,"arte_cultura":null,"tour_escursioni":null,"enogastronomia":null},"yoast_head":"<!-- This site is optimized with the Yoast SEO plugin v25.2 - https:\/\/yoast.com\/wordpress\/plugins\/seo\/ -->\n<title>Vico Equense e Seiano - alilauro<\/title>\n<meta name=\"robots\" content=\"index, follow, max-snippet:-1, max-image-preview:large, max-video-preview:-1\" \/>\n<link rel=\"canonical\" href=\"https:\/\/www.alilauro.it\/it\/destinazioni\/vico-equense-e-seiano\/\" \/>\n<meta property=\"og:locale\" content=\"it_IT\" \/>\n<meta property=\"og:type\" content=\"article\" \/>\n<meta property=\"og:title\" content=\"Vico Equense e Seiano - alilauro\" \/>\n<meta property=\"og:description\" content=\"\u0116 la porta della Costiera Sorrentina. La prima e la pi\u00f9 estesa per territorio delle localit\u00e0 che si susseguono sul versante nord-occidentale della Penisola formata dalla catena dei Monti Lattari. Vico Equense sorge su un blocco di tufo fasciato da una fitta vegetazione fino al livello del mare.\u00a0 Alle spalle, protettivi, s\u2019innalzano il magnifico Monte [&hellip;]\" \/>\n<meta property=\"og:url\" content=\"https:\/\/www.alilauro.it\/it\/destinazioni\/vico-equense-e-seiano\/\" \/>\n<meta property=\"og:site_name\" content=\"alilauro\" \/>\n<meta property=\"article:publisher\" content=\"https:\/\/www.facebook.com\/lauro.shipping.9\" \/>\n<meta property=\"article:modified_time\" content=\"2023-05-11T08:27:38+00:00\" \/>\n<meta property=\"og:image\" content=\"https:\/\/www.alilauro.it\/wp-content\/uploads\/2022\/11\/vicoequense-lenostredestinazioni.jpg\" \/>\n\t<meta property=\"og:image:width\" content=\"1800\" \/>\n\t<meta property=\"og:image:height\" content=\"780\" \/>\n\t<meta property=\"og:image:type\" content=\"image\/jpeg\" \/>\n<meta name=\"twitter:card\" content=\"summary_large_image\" \/>\n<meta name=\"twitter:site\" content=\"@alilauro\" \/>\n<meta name=\"twitter:label1\" content=\"Tempo di lettura stimato\" \/>\n\t<meta name=\"twitter:data1\" content=\"3 minuti\" \/>\n<script type=\"application\/ld+json\" class=\"yoast-schema-graph\">{\"@context\":\"https:\/\/schema.org\",\"@graph\":[{\"@type\":\"WebPage\",\"@id\":\"https:\/\/www.alilauro.it\/it\/destinazioni\/vico-equense-e-seiano\/\",\"url\":\"https:\/\/www.alilauro.it\/it\/destinazioni\/vico-equense-e-seiano\/\",\"name\":\"Vico Equense e Seiano - alilauro\",\"isPartOf\":{\"@id\":\"https:\/\/www.alilauro.it\/it\/#website\"},\"primaryImageOfPage\":{\"@id\":\"https:\/\/www.alilauro.it\/it\/destinazioni\/vico-equense-e-seiano\/#primaryimage\"},\"image\":{\"@id\":\"https:\/\/www.alilauro.it\/it\/destinazioni\/vico-equense-e-seiano\/#primaryimage\"},\"thumbnailUrl\":\"https:\/\/www.alilauro.it\/wp-content\/uploads\/2022\/11\/vicoequense-lenostredestinazioni.jpg\",\"datePublished\":\"2022-11-15T14:13:26+00:00\",\"dateModified\":\"2023-05-11T08:27:38+00:00\",\"breadcrumb\":{\"@id\":\"https:\/\/www.alilauro.it\/it\/destinazioni\/vico-equense-e-seiano\/#breadcrumb\"},\"inLanguage\":\"it-IT\",\"potentialAction\":[{\"@type\":\"ReadAction\",\"target\":[\"https:\/\/www.alilauro.it\/it\/destinazioni\/vico-equense-e-seiano\/\"]}]},{\"@type\":\"ImageObject\",\"inLanguage\":\"it-IT\",\"@id\":\"https:\/\/www.alilauro.it\/it\/destinazioni\/vico-equense-e-seiano\/#primaryimage\",\"url\":\"https:\/\/www.alilauro.it\/wp-content\/uploads\/2022\/11\/vicoequense-lenostredestinazioni.jpg\",\"contentUrl\":\"https:\/\/www.alilauro.it\/wp-content\/uploads\/2022\/11\/vicoequense-lenostredestinazioni.jpg\",\"width\":1800,\"height\":780},{\"@type\":\"BreadcrumbList\",\"@id\":\"https:\/\/www.alilauro.it\/it\/destinazioni\/vico-equense-e-seiano\/#breadcrumb\",\"itemListElement\":[{\"@type\":\"ListItem\",\"position\":1,\"name\":\"Home\",\"item\":\"https:\/\/www.alilauro.it\/it\/\"},{\"@type\":\"ListItem\",\"position\":2,\"name\":\"destinazioni\",\"item\":\"https:\/\/www.alilauro.it\/it\/destinazioni\/\"},{\"@type\":\"ListItem\",\"position\":3,\"name\":\"Vico Equense e Seiano\"}]},{\"@type\":\"WebSite\",\"@id\":\"https:\/\/www.alilauro.it\/it\/#website\",\"url\":\"https:\/\/www.alilauro.it\/it\/\",\"name\":\"Alilauro\",\"description\":\"Una lunga storia di mare\",\"publisher\":{\"@id\":\"https:\/\/www.alilauro.it\/it\/#organization\"},\"potentialAction\":[{\"@type\":\"SearchAction\",\"target\":{\"@type\":\"EntryPoint\",\"urlTemplate\":\"https:\/\/www.alilauro.it\/it\/?s={search_term_string}\"},\"query-input\":{\"@type\":\"PropertyValueSpecification\",\"valueRequired\":true,\"valueName\":\"search_term_string\"}}],\"inLanguage\":\"it-IT\"},{\"@type\":\"Organization\",\"@id\":\"https:\/\/www.alilauro.it\/it\/#organization\",\"name\":\"Alilauro\",\"url\":\"https:\/\/www.alilauro.it\/it\/\",\"logo\":{\"@type\":\"ImageObject\",\"inLanguage\":\"it-IT\",\"@id\":\"https:\/\/www.alilauro.it\/it\/#\/schema\/logo\/image\/\",\"url\":\"https:\/\/www.alilauro.it\/wp-content\/uploads\/2022\/10\/logo-alilauro.jpg\",\"contentUrl\":\"https:\/\/www.alilauro.it\/wp-content\/uploads\/2022\/10\/logo-alilauro.jpg\",\"width\":333,\"height\":102,\"caption\":\"Alilauro\"},\"image\":{\"@id\":\"https:\/\/www.alilauro.it\/it\/#\/schema\/logo\/image\/\"},\"sameAs\":[\"https:\/\/www.facebook.com\/lauro.shipping.9\",\"https:\/\/x.com\/alilauro\",\"https:\/\/www.instagram.com\/alilaurovolaviamare\/\",\"https:\/\/www.youtube.com\/user\/arcipelagocampano\"]}]}<\/script>\n<!-- \/ Yoast SEO plugin. -->","yoast_head_json":{"title":"Vico Equense e Seiano - alilauro","robots":{"index":"index","follow":"follow","max-snippet":"max-snippet:-1","max-image-preview":"max-image-preview:large","max-video-preview":"max-video-preview:-1"},"canonical":"https:\/\/www.alilauro.it\/it\/destinazioni\/vico-equense-e-seiano\/","og_locale":"it_IT","og_type":"article","og_title":"Vico Equense e Seiano - alilauro","og_description":"\u0116 la porta della Costiera Sorrentina. La prima e la pi\u00f9 estesa per territorio delle localit\u00e0 che si susseguono sul versante nord-occidentale della Penisola formata dalla catena dei Monti Lattari. Vico Equense sorge su un blocco di tufo fasciato da una fitta vegetazione fino al livello del mare.\u00a0 Alle spalle, protettivi, s\u2019innalzano il magnifico Monte [&hellip;]","og_url":"https:\/\/www.alilauro.it\/it\/destinazioni\/vico-equense-e-seiano\/","og_site_name":"alilauro","article_publisher":"https:\/\/www.facebook.com\/lauro.shipping.9","article_modified_time":"2023-05-11T08:27:38+00:00","og_image":[{"width":1800,"height":780,"url":"https:\/\/www.alilauro.it\/wp-content\/uploads\/2022\/11\/vicoequense-lenostredestinazioni.jpg","type":"image\/jpeg"}],"twitter_card":"summary_large_image","twitter_site":"@alilauro","twitter_misc":{"Tempo di lettura stimato":"3 minuti"},"schema":{"@context":"https:\/\/schema.org","@graph":[{"@type":"WebPage","@id":"https:\/\/www.alilauro.it\/it\/destinazioni\/vico-equense-e-seiano\/","url":"https:\/\/www.alilauro.it\/it\/destinazioni\/vico-equense-e-seiano\/","name":"Vico Equense e Seiano - alilauro","isPartOf":{"@id":"https:\/\/www.alilauro.it\/it\/#website"},"primaryImageOfPage":{"@id":"https:\/\/www.alilauro.it\/it\/destinazioni\/vico-equense-e-seiano\/#primaryimage"},"image":{"@id":"https:\/\/www.alilauro.it\/it\/destinazioni\/vico-equense-e-seiano\/#primaryimage"},"thumbnailUrl":"https:\/\/www.alilauro.it\/wp-content\/uploads\/2022\/11\/vicoequense-lenostredestinazioni.jpg","datePublished":"2022-11-15T14:13:26+00:00","dateModified":"2023-05-11T08:27:38+00:00","breadcrumb":{"@id":"https:\/\/www.alilauro.it\/it\/destinazioni\/vico-equense-e-seiano\/#breadcrumb"},"inLanguage":"it-IT","potentialAction":[{"@type":"ReadAction","target":["https:\/\/www.alilauro.it\/it\/destinazioni\/vico-equense-e-seiano\/"]}]},{"@type":"ImageObject","inLanguage":"it-IT","@id":"https:\/\/www.alilauro.it\/it\/destinazioni\/vico-equense-e-seiano\/#primaryimage","url":"https:\/\/www.alilauro.it\/wp-content\/uploads\/2022\/11\/vicoequense-lenostredestinazioni.jpg","contentUrl":"https:\/\/www.alilauro.it\/wp-content\/uploads\/2022\/11\/vicoequense-lenostredestinazioni.jpg","width":1800,"height":780},{"@type":"BreadcrumbList","@id":"https:\/\/www.alilauro.it\/it\/destinazioni\/vico-equense-e-seiano\/#breadcrumb","itemListElement":[{"@type":"ListItem","position":1,"name":"Home","item":"https:\/\/www.alilauro.it\/it\/"},{"@type":"ListItem","position":2,"name":"destinazioni","item":"https:\/\/www.alilauro.it\/it\/destinazioni\/"},{"@type":"ListItem","position":3,"name":"Vico Equense e Seiano"}]},{"@type":"WebSite","@id":"https:\/\/www.alilauro.it\/it\/#website","url":"https:\/\/www.alilauro.it\/it\/","name":"Alilauro","description":"Una lunga storia di mare","publisher":{"@id":"https:\/\/www.alilauro.it\/it\/#organization"},"potentialAction":[{"@type":"SearchAction","target":{"@type":"EntryPoint","urlTemplate":"https:\/\/www.alilauro.it\/it\/?s={search_term_string}"},"query-input":{"@type":"PropertyValueSpecification","valueRequired":true,"valueName":"search_term_string"}}],"inLanguage":"it-IT"},{"@type":"Organization","@id":"https:\/\/www.alilauro.it\/it\/#organization","name":"Alilauro","url":"https:\/\/www.alilauro.it\/it\/","logo":{"@type":"ImageObject","inLanguage":"it-IT","@id":"https:\/\/www.alilauro.it\/it\/#\/schema\/logo\/image\/","url":"https:\/\/www.alilauro.it\/wp-content\/uploads\/2022\/10\/logo-alilauro.jpg","contentUrl":"https:\/\/www.alilauro.it\/wp-content\/uploads\/2022\/10\/logo-alilauro.jpg","width":333,"height":102,"caption":"Alilauro"},"image":{"@id":"https:\/\/www.alilauro.it\/it\/#\/schema\/logo\/image\/"},"sameAs":["https:\/\/www.facebook.com\/lauro.shipping.9","https:\/\/x.com\/alilauro","https:\/\/www.instagram.com\/alilaurovolaviamare\/","https:\/\/www.youtube.com\/user\/arcipelagocampano"]}]}},"_links":{"self":[{"href":"https:\/\/www.alilauro.it\/it\/wp-json\/wp\/v2\/destinazioni\/1041","targetHints":{"allow":["GET"]}}],"collection":[{"href":"https:\/\/www.alilauro.it\/it\/wp-json\/wp\/v2\/destinazioni"}],"about":[{"href":"https:\/\/www.alilauro.it\/it\/wp-json\/wp\/v2\/types\/destinazioni"}],"author":[{"embeddable":true,"href":"https:\/\/www.alilauro.it\/it\/wp-json\/wp\/v2\/users\/10"}],"wp:featuredmedia":[{"embeddable":true,"href":"https:\/\/www.alilauro.it\/it\/wp-json\/wp\/v2\/media\/1042"}],"wp:attachment":[{"href":"https:\/\/www.alilauro.it\/it\/wp-json\/wp\/v2\/media?parent=1041"}],"curies":[{"name":"wp","href":"https:\/\/api.w.org\/{rel}","templated":true}]}}